{"id":95,"date":"2020-09-10T15:12:17","date_gmt":"2020-09-10T13:12:17","guid":{"rendered":"http:\/\/radieschen-bremen.de\/?page_id=95"},"modified":"2025-11-23T18:09:19","modified_gmt":"2025-11-23T17:09:19","slug":"startseite","status":"publish","type":"page","link":"https:\/\/radieschen-bremen.de\/","title":{"rendered":"Home"},"content":{"rendered":"\t\t<div data-elementor-type=\"wp-page\" data-elementor-id=\"95\" class=\"elementor elementor-95\" data-elementor-post-type=\"page\">\n\t\t\t\t\t\t<section class=\"elementor-section elementor-top-section elementor-element elementor-element-473c25e elementor-section-boxed elementor-section-height-default elementor-section-height-default\" data-id=\"473c25e\" data-element_type=\"section\" id=\"slider\" data-settings=\"{&quot;background_background&quot;:&quot;classic&quot;}\">\n\t\t\t\t\t\t<div class=\"elementor-container elementor-column-gap-default\">\n\t\t\t\t\t<div class=\"elementor-column elementor-col-100 elementor-top-column elementor-element elementor-element-01dcc17\" data-id=\"01dcc17\" data-element_type=\"column\">\n\t\t\t<div class=\"elementor-widget-wrap elementor-element-populated\">\n\t\t\t\t\t\t<div class=\"elementor-element elementor-element-0322d0d animated-slow elementor-widget__width-inherit elementor--h-position-center elementor--v-position-middle elementor-arrows-position-inside elementor-pagination-position-inside elementor-invisible elementor-widget elementor-widget-slides\" data-id=\"0322d0d\" data-element_type=\"widget\" id=\"slider\" data-settings=\"{&quot;_animation&quot;:&quot;fadeIn&quot;,&quot;navigation&quot;:&quot;both&quot;,&quot;autoplay&quot;:&quot;yes&quot;,&quot;pause_on_hover&quot;:&quot;yes&quot;,&quot;pause_on_interaction&quot;:&quot;yes&quot;,&quot;autoplay_speed&quot;:5000,&quot;infinite&quot;:&quot;yes&quot;,&quot;transition&quot;:&quot;slide&quot;,&quot;transition_speed&quot;:500}\" data-widget_type=\"slides.default\">\n\t\t\t\t<div class=\"elementor-widget-container\">\n\t\t\t\t\t\t\t\t\t<div class=\"elementor-swiper\">\n\t\t\t\t\t<div class=\"elementor-slides-wrapper elementor-main-swiper swiper\" role=\"region\" aria-roledescription=\"carousel\" aria-label=\"Slider\" dir=\"ltr\" data-animation=\"fadeInUp\">\n\t\t\t\t<div class=\"swiper-wrapper elementor-slides\">\n\t\t\t\t\t\t\t\t\t\t<div class=\"elementor-repeater-item-81b5b19 swiper-slide\" role=\"group\" aria-roledescription=\"slide\"><div class=\"swiper-slide-bg\" role=\"img\"><\/div><div class=\"swiper-slide-inner\" ><div class=\"swiper-slide-contents\"><\/div><\/div><\/div><div class=\"elementor-repeater-item-6c80f7d swiper-slide\" role=\"group\" aria-roledescription=\"slide\"><div class=\"swiper-slide-bg\" role=\"img\"><\/div><div class=\"swiper-slide-inner\" ><div class=\"swiper-slide-contents\"><\/div><\/div><\/div><div class=\"elementor-repeater-item-d6ca147 swiper-slide\" role=\"group\" aria-roledescription=\"slide\"><div class=\"swiper-slide-bg\" role=\"img\"><\/div><div class=\"swiper-slide-inner\" ><div class=\"swiper-slide-contents\"><\/div><\/div><\/div>\t\t\t\t<\/div>\n\t\t\t\t\t\t\t\t\t\t\t\t\t\t\t<div class=\"swiper-pagination\"><\/div>\n\t\t\t\t\t\t\t\t\t\t\t\t\t\t\t\t<div class=\"elementor-swiper-button elementor-swiper-button-prev\" role=\"button\" tabindex=\"0\" aria-label=\"Vorheriger Slide\">\n\t\t\t\t\t\t\t<i aria-hidden=\"true\" class=\"eicon-chevron-left\"><\/i>\t\t\t\t\t\t<\/div>\n\t\t\t\t\t\t<div class=\"elementor-swiper-button elementor-swiper-button-next\" role=\"button\" tabindex=\"0\" aria-label=\"N\u00e4chster Slide\">\n\t\t\t\t\t\t\t<i aria-hidden=\"true\" class=\"eicon-chevron-right\"><\/i>\t\t\t\t\t\t<\/div>\n\t\t\t\t\t\t\t\t\t\t\t\t<\/div>\n\t\t\t\t<\/div>\n\t\t\t\t\t\t\t\t<\/div>\n\t\t\t\t<\/div>\n\t\t\t\t<div class=\"elementor-element elementor-element-8c17595 elementor-widget elementor-widget-spacer\" data-id=\"8c17595\" data-element_type=\"widget\" data-widget_type=\"spacer.default\">\n\t\t\t\t<div class=\"elementor-widget-container\">\n\t\t\t\t\t\t\t<div class=\"elementor-spacer\">\n\t\t\t<div class=\"elementor-spacer-inner\"><\/div>\n\t\t<\/div>\n\t\t\t\t\t\t<\/div>\n\t\t\t\t<\/div>\n\t\t\t\t<div class=\"elementor-element elementor-element-b0e783e animated-slow elementor-invisible elementor-widget elementor-widget-text-editor\" data-id=\"b0e783e\" data-element_type=\"widget\" data-settings=\"{&quot;_animation&quot;:&quot;fadeIn&quot;}\" data-widget_type=\"text-editor.default\">\n\t\t\t\t<div class=\"elementor-widget-container\">\n\t\t\t\t\t\t\t\t\t<div class=\"page\" title=\"Page 1\"><div class=\"section\"><div class=\"layoutArea\"><div class=\"column\"><h6>Herzlich willkommen im Radieschen Cafe\u0301 in Bremen-Neustadt!<\/h6><h6>Bei uns bekommt ihr mittwochs, donnerstags und freitags ab 12 Uhr hausgemachten vegetarischen &amp; veganen Mittagstisch aus hauptsa\u0308chlich saisonalen und regionalen Zutaten. Au\u00dferdem backen wir natu\u0308rlich auch unsere Kuchen alle selbst. Dazu gibt es fair gehandelten\u00a0 <img decoding=\"async\" class=\"alignnone wp-image-465 \" src=\"https:\/\/radieschen-bremen.de\/wp-content\/uploads\/2021\/06\/radieschen_logo_klein-142x300.png\" alt=\"\" width=\"11\" height=\"23\" \/>-Kaffee (von GEPA) aus unserer Siebtra\u0308ger-Maschine, Schokolade und Tee, sowie Limonaden und Sa\u0308fte von <em>Voelkel<\/em>.<\/h6><h6>Beim Mittagstisch habt ihr meistens die Wahl zwischen einem gro\u00dfen und einem kleinen Gericht. Das Motto ist \u201eso lange der Vorrat reicht\u201c, denn was gut schmeckt, geht auch schnell weg. Frisch gegrillte Panini und vegane Suppe bekommt ihr aber fast immer bei uns!<\/h6><h6>Nachhaltigkeit liegt uns am Herzen. Das Radieschen wird in dieser Hinsicht immer eine Baustelle bleiben. Wir sind im sta\u0308ndigen Prozess \u2013 bessern aus, lesen nach, stellen um und kaufen u\u0308berlegt ein.<\/h6><\/div><\/div><\/div><\/div>\t\t\t\t\t\t\t\t<\/div>\n\t\t\t\t<\/div>\n\t\t\t\t<div class=\"elementor-element elementor-element-4a7d220 elementor-widget-divider--view-line elementor-invisible elementor-widget elementor-widget-divider\" data-id=\"4a7d220\" data-element_type=\"widget\" data-settings=\"{&quot;_animation&quot;:&quot;fadeIn&quot;}\" data-widget_type=\"divider.default\">\n\t\t\t\t<div class=\"elementor-widget-container\">\n\t\t\t\t\t\t\t<div class=\"elementor-divider\">\n\t\t\t<span class=\"elementor-divider-separator\">\n\t\t\t\t\t\t<\/span>\n\t\t<\/div>\n\t\t\t\t\t\t<\/div>\n\t\t\t\t<\/div>\n\t\t\t\t\t<\/div>\n\t\t<\/div>\n\t\t\t\t\t<\/div>\n\t\t<\/section>\n\t\t\t\t<section class=\"elementor-section elementor-top-section elementor-element elementor-element-e1f5bb3 elementor-section-boxed elementor-section-height-default elementor-section-height-default\" data-id=\"e1f5bb3\" data-element_type=\"section\" id=\"philosophie\" data-settings=\"{&quot;background_background&quot;:&quot;classic&quot;}\">\n\t\t\t\t\t\t<div class=\"elementor-container elementor-column-gap-default\">\n\t\t\t\t\t<div class=\"elementor-column elementor-col-100 elementor-top-column elementor-element elementor-element-7b39fbc\" data-id=\"7b39fbc\" data-element_type=\"column\">\n\t\t\t<div class=\"elementor-widget-wrap elementor-element-populated\">\n\t\t\t\t\t\t<div class=\"elementor-element elementor-element-f9c6128 elementor-widget elementor-widget-spacer\" data-id=\"f9c6128\" data-element_type=\"widget\" data-widget_type=\"spacer.default\">\n\t\t\t\t<div class=\"elementor-widget-container\">\n\t\t\t\t\t\t\t<div class=\"elementor-spacer\">\n\t\t\t<div class=\"elementor-spacer-inner\"><\/div>\n\t\t<\/div>\n\t\t\t\t\t\t<\/div>\n\t\t\t\t<\/div>\n\t\t\t\t<div class=\"elementor-element elementor-element-c37d08b elementor-invisible elementor-widget elementor-widget-heading\" data-id=\"c37d08b\" data-element_type=\"widget\" data-settings=\"{&quot;_animation&quot;:&quot;fadeIn&quot;}\" data-widget_type=\"heading.default\">\n\t\t\t\t<div class=\"elementor-widget-container\">\n\t\t\t\t\t<h2 class=\"elementor-heading-title elementor-size-default\"><a href=\"#philosophie\">Unsere Philosophie<\/a><\/h2>\t\t\t\t<\/div>\n\t\t\t\t<\/div>\n\t\t\t\t<div class=\"elementor-element elementor-element-aa1b65a elementor-widget elementor-widget-spacer\" data-id=\"aa1b65a\" data-element_type=\"widget\" data-widget_type=\"spacer.default\">\n\t\t\t\t<div class=\"elementor-widget-container\">\n\t\t\t\t\t\t\t<div class=\"elementor-spacer\">\n\t\t\t<div class=\"elementor-spacer-inner\"><\/div>\n\t\t<\/div>\n\t\t\t\t\t\t<\/div>\n\t\t\t\t<\/div>\n\t\t\t\t<div class=\"elementor-element elementor-element-4518264 elementor-invisible elementor-widget elementor-widget-text-editor\" data-id=\"4518264\" data-element_type=\"widget\" data-settings=\"{&quot;_animation&quot;:&quot;slideInLeft&quot;}\" data-widget_type=\"text-editor.default\">\n\t\t\t\t<div class=\"elementor-widget-container\">\n\t\t\t\t\t\t\t\t\t<div class=\"page\" title=\"Page 1\"><div class=\"section\"><div class=\"layoutArea\"><div class=\"column\"><h6>Das Radieschen tra\u0308gt den Zusatz \u201eKaffee und Erinnerungen\u201c \u2013 nicht ohne Grund.<\/h6><h6>Wir geho\u0308ren und liegen am wunderscho\u0308nen Neusta\u0308dter Friedhof. Wir lieben Rezepte, die zum Erinnern anregen. Deswegen sammeln wir seit der Ero\u0308ffnung 2012 Rezepte von euren Omas und Opas. Regelma\u0308\u00dfig stehen Gerichte auf der Karte, die es schon bei euren Gro\u00dfeltern gab:\u00a0 <br \/><img decoding=\"async\" class=\"alignnone wp-image-465 \" src=\"https:\/\/radieschen-bremen.de\/wp-content\/uploads\/2021\/06\/radieschen_logo_klein-142x300.png\" alt=\"\" width=\"11\" height=\"23\" \/>-Pellkartoffeln mit Kra\u0308uterquark, Senfeier oder hausgemachte Ka\u0308sespa\u0308tzle sind nur einige unserer Dauerbrenner.<\/h6><h6>Dabei sind uns die richtigen Kaufentscheidungen eine Herzensangelegenheit. Das Motto ist zwar <em>\u201eso viel Fairtrade und\u00a0 <\/em><img decoding=\"async\" class=\"alignnone wp-image-465 \" src=\"https:\/\/radieschen-bremen.de\/wp-content\/uploads\/2021\/06\/radieschen_logo_klein-142x300.png\" alt=\"\" width=\"11\" height=\"23\" \/><em>-Qualita\u0308t wie mo\u0308glich\u201c<\/em>, aber dabei sind wir nicht dogmatisch, sondern achten auch auf den CO2-Fu\u00dfabdruck des jeweiligen Produkts.<\/h6><h6>Als Beispiel: Wir entscheiden uns lieber fu\u0308r saisonale A\u0308pfel aus der Region als fu\u0308r das\u00a0 <img decoding=\"async\" class=\"alignnone wp-image-465 \" src=\"https:\/\/radieschen-bremen.de\/wp-content\/uploads\/2021\/06\/radieschen_logo_klein-142x300.png\" alt=\"\" width=\"11\" height=\"23\" \/>-A\u0308quivalent aus Chile. <br \/>Eier und Mich kaufen wir nur in\u00a0 <img decoding=\"async\" class=\"alignnone wp-image-465 \" src=\"https:\/\/radieschen-bremen.de\/wp-content\/uploads\/2021\/06\/radieschen_logo_klein-142x300.png\" alt=\"\" width=\"11\" height=\"23\" \/>-Qualita\u0308t.<\/h6><h6>Lebensmittelverwertung ist uns sehr wichtig! Im Radieschen schmei\u00dfen wir so wenig wie mo\u0308glich weg. Alles kann weiterverarbeitet werden! Heutzutage nennt man das Zero Waste Bewegung, fru\u0308her einfach Resteku\u0308che. Das beschreibt wahrscheinlich am besten, was das Radieschen ist \u2013 hier treffen Vergangenheit, Gegenwart und Zukunft aufeinander.<\/h6><\/div><h5>\u00a0<\/h5><h5>Veganes Caf\u00e9 in Bremen.<\/h5><h6>Unseren Kaffee k\u00f6nnt ihr mit Hafer- oder Sojadrink bestellen. Au\u00dferdem versuchen wir jeden Tag mit zwei veganen Kuchen zu starten. Wer fr\u00fch kommt, ist als Veganer*in somit eigentlich immer versorgt. Bei unserem Mittagstisch bieten wir immer vegane Optionen an. Ihr m\u00f6chtet vegan fr\u00fchst\u00fccken in Bremen? Dann seid ihr bei uns ebenfalls an der richtigen Adresse. <a href=\"#mieten\">Hier<\/a> erfahrt ihr mehr \u00fcber unseren veganen Brunch!<\/h6><p class=\"p2\" style=\"margin-right: 0px; margin-bottom: 0px; margin-left: 0px; font-variant-numeric: normal; font-variant-east-asian: normal; font-stretch: normal; font-size: 15px; line-height: normal; font-family: 'Noto IKEA Latin'; min-height: 20px; color: #000000;\">\u00a0<\/p><\/div><\/div><\/div>\t\t\t\t\t\t\t\t<\/div>\n\t\t\t\t<\/div>\n\t\t\t\t<div class=\"elementor-element elementor-element-d90b260 elementor-widget-divider--view-line elementor-invisible elementor-widget elementor-widget-divider\" data-id=\"d90b260\" data-element_type=\"widget\" data-settings=\"{&quot;_animation&quot;:&quot;fadeIn&quot;}\" data-widget_type=\"divider.default\">\n\t\t\t\t<div class=\"elementor-widget-container\">\n\t\t\t\t\t\t\t<div class=\"elementor-divider\">\n\t\t\t<span class=\"elementor-divider-separator\">\n\t\t\t\t\t\t<\/span>\n\t\t<\/div>\n\t\t\t\t\t\t<\/div>\n\t\t\t\t<\/div>\n\t\t\t\t\t<\/div>\n\t\t<\/div>\n\t\t\t\t\t<\/div>\n\t\t<\/section>\n\t\t\t\t<section class=\"elementor-section elementor-top-section elementor-element elementor-element-f7fcb4b elementor-section-boxed elementor-section-height-default elementor-section-height-default\" data-id=\"f7fcb4b\" data-element_type=\"section\" id=\"mieten\" data-settings=\"{&quot;background_background&quot;:&quot;classic&quot;}\">\n\t\t\t\t\t\t<div class=\"elementor-container elementor-column-gap-default\">\n\t\t\t\t\t<div class=\"elementor-column elementor-col-100 elementor-top-column elementor-element elementor-element-957c256\" data-id=\"957c256\" data-element_type=\"column\">\n\t\t\t<div class=\"elementor-widget-wrap elementor-element-populated\">\n\t\t\t\t\t\t<div class=\"elementor-element elementor-element-d777c31 elementor-widget elementor-widget-spacer\" data-id=\"d777c31\" data-element_type=\"widget\" data-widget_type=\"spacer.default\">\n\t\t\t\t<div class=\"elementor-widget-container\">\n\t\t\t\t\t\t\t<div class=\"elementor-spacer\">\n\t\t\t<div class=\"elementor-spacer-inner\"><\/div>\n\t\t<\/div>\n\t\t\t\t\t\t<\/div>\n\t\t\t\t<\/div>\n\t\t\t\t<div class=\"elementor-element elementor-element-bb547bb elementor-invisible elementor-widget elementor-widget-heading\" data-id=\"bb547bb\" data-element_type=\"widget\" data-settings=\"{&quot;_animation&quot;:&quot;fadeIn&quot;}\" data-widget_type=\"heading.default\">\n\t\t\t\t<div class=\"elementor-widget-container\">\n\t\t\t\t\t<h2 class=\"elementor-heading-title elementor-size-default\"><a href=\"#mieten\">Radieschen mieten \u2013 exklusiv feiern<\/a><\/h2>\t\t\t\t<\/div>\n\t\t\t\t<\/div>\n\t\t\t\t<div class=\"elementor-element elementor-element-4eff090 elementor-widget elementor-widget-spacer\" data-id=\"4eff090\" data-element_type=\"widget\" data-widget_type=\"spacer.default\">\n\t\t\t\t<div class=\"elementor-widget-container\">\n\t\t\t\t\t\t\t<div class=\"elementor-spacer\">\n\t\t\t<div class=\"elementor-spacer-inner\"><\/div>\n\t\t<\/div>\n\t\t\t\t\t\t<\/div>\n\t\t\t\t<\/div>\n\t\t\t\t<section class=\"elementor-section elementor-inner-section elementor-element elementor-element-35fc61d elementor-section-boxed elementor-section-height-default elementor-section-height-default\" data-id=\"35fc61d\" data-element_type=\"section\" data-settings=\"{&quot;background_background&quot;:&quot;classic&quot;}\">\n\t\t\t\t\t\t<div class=\"elementor-container elementor-column-gap-wider\">\n\t\t\t\t\t<div class=\"elementor-column elementor-col-50 elementor-inner-column elementor-element elementor-element-94abdd1\" data-id=\"94abdd1\" data-element_type=\"column\">\n\t\t\t<div class=\"elementor-widget-wrap elementor-element-populated\">\n\t\t\t\t\t\t<div class=\"elementor-element elementor-element-a7a384c elementor-invisible elementor-widget elementor-widget-text-editor\" data-id=\"a7a384c\" data-element_type=\"widget\" data-settings=\"{&quot;_animation&quot;:&quot;slideInUp&quot;}\" data-widget_type=\"text-editor.default\">\n\t\t\t\t<div class=\"elementor-widget-container\">\n\t\t\t\t\t\t\t\t\t<div class=\"page\" title=\"Page 1\"><div class=\"section\"><div class=\"layoutArea\"><div class=\"column\"><div class=\"page\" title=\"Page 1\"><div class=\"section\"><div class=\"layoutArea\"><div class=\"column\"><div class=\"page\" title=\"Page 1\"><div class=\"section\"><div class=\"layoutArea\"><div class=\"column\"><h3>Geschlossene Gesellschaft \u2013<\/h3><div>\u00a0<\/div><\/div><\/div><\/div><\/div><\/div><h6>\u00a0<\/h6><div class=\"column\"><div class=\"page\" title=\"Page 1\"><div class=\"section\"><div class=\"layoutArea\"><div class=\"column\"><p class=\"p1\"><strong>Exklusiv das Radieschen f\u00fcr euch! Trauerfeier, Geburtstag, Hochzeit, Taufe, Brunch oder einfach so \u2026<\/strong><\/p><p>Die Raummiete betr\u00e4gt:<\/p><ul><li>Mo\u2013Fr: 150 \u20ac f\u00fcr 2 Stunden<\/li><li>Sa &amp; So: 200 \u20ac f\u00fcr 2 Stunden<\/li><li>Sa &amp; So: 300 \u20ac f\u00fcr 3<\/li><\/ul><p>\u00a0<\/p><p class=\"p1\">Kulinarisch m\u00f6glich:<\/p><ul><li>Kaffee und Kuchen<\/li><li>Suppe und Quiche oder Sp\u00e4tzle<\/li><li><img decoding=\"async\" class=\"alignnone wp-image-465 \" src=\"https:\/\/radieschen-bremen.de\/wp-content\/uploads\/2021\/06\/radieschen_logo_klein-142x300.png\" alt=\"\" width=\"11\" height=\"23\" \/>-Prosecco oder nicht<\/li><li>Drinnen oder im Sommer auch drau\u00dfen.<\/li><li>Bei Trauerfeiern gibt es bei uns selbstgebackenen Butterkuchen.<\/li><\/ul><\/div><\/div><\/div><\/div><\/div><\/div><\/div><\/div><\/div><\/div><\/div><\/div>\t\t\t\t\t\t\t\t<\/div>\n\t\t\t\t<\/div>\n\t\t\t\t\t<\/div>\n\t\t<\/div>\n\t\t\t\t<div class=\"elementor-column elementor-col-50 elementor-inner-column elementor-element elementor-element-76b6f78\" data-id=\"76b6f78\" data-element_type=\"column\">\n\t\t\t<div class=\"elementor-widget-wrap elementor-element-populated\">\n\t\t\t\t\t\t<div class=\"elementor-element elementor-element-df9dc66 elementor-invisible elementor-widget elementor-widget-text-editor\" data-id=\"df9dc66\" data-element_type=\"widget\" data-settings=\"{&quot;_animation&quot;:&quot;slideInRight&quot;}\" data-widget_type=\"text-editor.default\">\n\t\t\t\t<div class=\"elementor-widget-container\">\n\t\t\t\t\t\t\t\t\t<div class=\"page\" title=\"Page 1\"><div class=\"section\"><div class=\"layoutArea\"><div class=\"column\"><div class=\"page\" title=\"Page 1\"><div class=\"section\"><div class=\"layoutArea\"><div class=\"column\"><div class=\"page\" title=\"Page 1\"><div class=\"section\"><div class=\"layoutArea\"><div class=\"column\"><h3>Raum mieten fu\u0308r Weih- nachtsfeiern in Bremen \u2013 im Radieschen Cafe\u0301<\/h3><p class=\"p1\">Festlich dekorierte Tafel, ein geschm\u00fcckter Baum, gutes Essen und das Radieschen ganz f\u00fcr euch. Auch in diesem Jahr k\u00f6nnt ihr eure Firmen-, Vereins- oder Familien-Weihnachtsfeier im Radieschen veranstalten. Ab zehn Personen \u00f6ffnet das Radieschen nur f\u00fcr euch seine T\u00fcren und beschert euch einen festlichen Abend.<\/p><p class=\"p1\">Serviert wird ein hausgemachtes 2- oder 3-G\u00e4nge-Men\u00fc \u2013 vegetarisch oder vegan. Ihr entscheidet vorab, was auf die Teller kommt. Begleitet wird das Essen mit\u00a0 <img decoding=\"async\" class=\"alignnone wp-image-465 \" src=\"https:\/\/radieschen-bremen.de\/wp-content\/uploads\/2021\/06\/radieschen_logo_klein-142x300.png\" alt=\"\" width=\"11\" height=\"23\" \/>-Weinen aus der Weinhandlung unseres Vertrauens. Nat\u00fcrlich stehen euch auch alle anderen alkoholfreien Getr\u00e4nke aus unserer Karte zur Auswahl. Zum Abschluss gibt es einen schmackhaften Digestif und eine Liste mit ausgew\u00e4hlten Kneipen und Bars f\u00fcrs Hinterher-um-die-H\u00e4user-ziehen, falls gew\u00fcnscht.<\/p><\/div><\/div><\/div><\/div><\/div><\/div><\/div><\/div><\/div><\/div><\/div><\/div>\t\t\t\t\t\t\t\t<\/div>\n\t\t\t\t<\/div>\n\t\t\t\t<div class=\"elementor-element elementor-element-ed79450 elementor-invisible elementor-widget elementor-widget-toggle\" data-id=\"ed79450\" data-element_type=\"widget\" data-settings=\"{&quot;_animation&quot;:&quot;fadeIn&quot;}\" data-widget_type=\"toggle.default\">\n\t\t\t\t<div class=\"elementor-widget-container\">\n\t\t\t\t\t\t\t<div class=\"elementor-toggle\">\n\t\t\t\t\t\t\t<div class=\"elementor-toggle-item\">\n\t\t\t\t\t<div id=\"elementor-tab-title-2491\" class=\"elementor-tab-title\" data-tab=\"1\" role=\"button\" aria-controls=\"elementor-tab-content-2491\" aria-expanded=\"false\">\n\t\t\t\t\t\t\t\t\t\t\t\t<span class=\"elementor-toggle-icon elementor-toggle-icon-left\" aria-hidden=\"true\">\n\t\t\t\t\t\t\t\t\t\t\t\t\t\t\t<span class=\"elementor-toggle-icon-closed\"><i class=\"fas fa-angle-double-down\"><\/i><\/span>\n\t\t\t\t\t\t\t\t<span class=\"elementor-toggle-icon-opened\"><i class=\"elementor-toggle-icon-opened fas fa-angle-double-up\"><\/i><\/span>\n\t\t\t\t\t\t\t\t\t\t\t\t\t<\/span>\n\t\t\t\t\t\t\t\t\t\t\t\t<a class=\"elementor-toggle-title\" tabindex=\"0\">Weiter lesen ...<\/a>\n\t\t\t\t\t<\/div>\n\n\t\t\t\t\t<div id=\"elementor-tab-content-2491\" class=\"elementor-tab-content elementor-clearfix\" data-tab=\"1\" role=\"region\" aria-labelledby=\"elementor-tab-title-2491\"><p class=\"p1\">So k\u00f6nnte ein Men\u00fc aussehen:<\/p><p class=\"p1\">1. Gang:\u00a0<\/p><p class=\"p1\">Winterliche Maronencreme-Suppe mit Stern-Croutons und Rosmarin\u00a0oder\u00a0<\/p><p class=\"p1\">Rotkohl-Kokos-Suppe mit Limettensaft und Cashews\u00a0oder\u00a0<\/p><p class=\"p1\">K\u00fcrbis-Ingwer-Suppe mit Walnuss<\/p><p class=\"p1\">Zu allen Suppen reichen wir ein hausgemachtes Rote-Bete-Baguette.<\/p><p class=\"p1\">2. Gang:\u00a0<\/p><p class=\"p1\">Hausgemachte Servietten-Kn\u00f6del mit Pilz-Rahm und winterlichem Salat\u00a0oder\u00a0<\/p><p class=\"p1\">Wurzel-Pilz-Risotto mit Kr\u00e4utern\u00a0oder\u00a0<\/p><p class=\"p1\">Hausgemachte Rote-Bete-Sp\u00e4tzle mit Ziegenk\u00e4se und Walnuss mit winterlichem Salat<\/p><p class=\"p1\">3. Gang:\u00a0<\/p><p class=\"p1\">Franz\u00f6sischer Schokoladenkuchen (glutenfrei) mit Lebkuchen-Muffin und Orangen-Dattel-Mus<\/p><p class=\"p1\"><em>Ihr k\u00f6nnt euch vorstellen, das Radieschen zu mieten? Kontaktiert uns gern und wir besprechen die Details pers\u00f6nlich!<\/em><\/p><\/div>\n\t\t\t\t<\/div>\n\t\t\t\t\t\t\t\t<\/div>\n\t\t\t\t\t\t<\/div>\n\t\t\t\t<\/div>\n\t\t\t\t\t<\/div>\n\t\t<\/div>\n\t\t\t\t\t<\/div>\n\t\t<\/section>\n\t\t\t\t<div class=\"elementor-element elementor-element-8414a2c elementor-widget-divider--view-line elementor-invisible elementor-widget elementor-widget-divider\" data-id=\"8414a2c\" data-element_type=\"widget\" data-settings=\"{&quot;_animation&quot;:&quot;fadeIn&quot;}\" data-widget_type=\"divider.default\">\n\t\t\t\t<div class=\"elementor-widget-container\">\n\t\t\t\t\t\t\t<div class=\"elementor-divider\">\n\t\t\t<span class=\"elementor-divider-separator\">\n\t\t\t\t\t\t<\/span>\n\t\t<\/div>\n\t\t\t\t\t\t<\/div>\n\t\t\t\t<\/div>\n\t\t\t\t\t<\/div>\n\t\t<\/div>\n\t\t\t\t\t<\/div>\n\t\t<\/section>\n\t\t\t\t<section class=\"elementor-section elementor-top-section elementor-element elementor-element-959a8dc elementor-section-boxed elementor-section-height-default elementor-section-height-default\" data-id=\"959a8dc\" data-element_type=\"section\" data-settings=\"{&quot;background_background&quot;:&quot;classic&quot;}\">\n\t\t\t\t\t\t<div class=\"elementor-container elementor-column-gap-default\">\n\t\t\t\t\t<div class=\"elementor-column elementor-col-100 elementor-top-column elementor-element elementor-element-9a80afc\" data-id=\"9a80afc\" data-element_type=\"column\">\n\t\t\t<div class=\"elementor-widget-wrap elementor-element-populated\">\n\t\t\t\t\t\t<div class=\"elementor-element elementor-element-c3e45d9 elementor-widget elementor-widget-spacer\" data-id=\"c3e45d9\" data-element_type=\"widget\" data-widget_type=\"spacer.default\">\n\t\t\t\t<div class=\"elementor-widget-container\">\n\t\t\t\t\t\t\t<div class=\"elementor-spacer\">\n\t\t\t<div class=\"elementor-spacer-inner\"><\/div>\n\t\t<\/div>\n\t\t\t\t\t\t<\/div>\n\t\t\t\t<\/div>\n\t\t\t\t<div class=\"elementor-element elementor-element-fe0e574 elementor-invisible elementor-widget elementor-widget-heading\" data-id=\"fe0e574\" data-element_type=\"widget\" data-settings=\"{&quot;_animation&quot;:&quot;fadeIn&quot;}\" data-widget_type=\"heading.default\">\n\t\t\t\t<div class=\"elementor-widget-container\">\n\t\t\t\t\t<h2 class=\"elementor-heading-title elementor-size-default\"><a href=\"#mieten\">Radieschen mieten \u2013 exklusiv feiern<\/a><\/h2>\t\t\t\t<\/div>\n\t\t\t\t<\/div>\n\t\t\t\t<div class=\"elementor-element elementor-element-24be683 elementor-widget elementor-widget-spacer\" data-id=\"24be683\" data-element_type=\"widget\" data-widget_type=\"spacer.default\">\n\t\t\t\t<div class=\"elementor-widget-container\">\n\t\t\t\t\t\t\t<div class=\"elementor-spacer\">\n\t\t\t<div class=\"elementor-spacer-inner\"><\/div>\n\t\t<\/div>\n\t\t\t\t\t\t<\/div>\n\t\t\t\t<\/div>\n\t\t\t\t<section class=\"elementor-section elementor-inner-section elementor-element elementor-element-3d1761c elementor-section-boxed elementor-section-height-default elementor-section-height-default\" data-id=\"3d1761c\" data-element_type=\"section\" data-settings=\"{&quot;background_background&quot;:&quot;classic&quot;}\">\n\t\t\t\t\t\t<div class=\"elementor-container elementor-column-gap-wider\">\n\t\t\t\t\t<div class=\"elementor-column elementor-col-50 elementor-inner-column elementor-element elementor-element-b4e96f5\" data-id=\"b4e96f5\" data-element_type=\"column\">\n\t\t\t<div class=\"elementor-widget-wrap elementor-element-populated\">\n\t\t\t\t\t\t<div class=\"elementor-element elementor-element-6acdefc elementor-invisible elementor-widget elementor-widget-text-editor\" data-id=\"6acdefc\" data-element_type=\"widget\" data-settings=\"{&quot;_animation&quot;:&quot;slideInUp&quot;}\" data-widget_type=\"text-editor.default\">\n\t\t\t\t<div class=\"elementor-widget-container\">\n\t\t\t\t\t\t\t\t\t<div class=\"page\" title=\"Page 1\"><div class=\"section\"><div class=\"layoutArea\"><div class=\"column\"><div class=\"page\" title=\"Page 1\"><div class=\"section\"><div class=\"layoutArea\"><div class=\"column\"><div class=\"page\" title=\"Page 1\"><div class=\"section\"><div class=\"layoutArea\"><div class=\"column\"><h3>Geschlossene Gesellschaft \u2013<\/h3><div>\u00a0<\/div><\/div><\/div><\/div><\/div><\/div><h6>\u00a0<\/h6><div class=\"column\"><div class=\"page\" title=\"Page 1\"><div class=\"section\"><div class=\"layoutArea\"><div class=\"column\"><p class=\"p1\">Exklusiv das Radieschen f\u00fcr euch! Trauerfeier, Geburtstag, Hochzeit, Taufe, Brunch oder einfach so<\/p><ul><li>individuell nach Wunsch \u2013 <br \/>keine Pauschale<\/li><li>Raummiete von 150 \u20ac f\u00fcr 2 Stunden<\/li><li>Kaffee und Kuchen<\/li><li>Suppe und Quiche oder Sp\u00e4tzle<\/li><li><img decoding=\"async\" class=\"alignnone wp-image-465 \" src=\"https:\/\/radieschen-bremen.de\/wp-content\/uploads\/2021\/06\/radieschen_logo_klein-142x300.png\" alt=\"\" width=\"11\" height=\"23\" \/>-Prosecco oder nicht<\/li><li>Drinnen oder im Sommer auch drau\u00dfen.<\/li><\/ul><p class=\"p1\">Bei Trauerfeiern \u2013 mit selbstgebackenem Butterkuchen.<\/p><\/div><\/div><\/div><\/div><\/div><\/div><\/div><\/div><\/div><\/div><\/div><\/div>\t\t\t\t\t\t\t\t<\/div>\n\t\t\t\t<\/div>\n\t\t\t\t\t<\/div>\n\t\t<\/div>\n\t\t\t\t<div class=\"elementor-column elementor-col-50 elementor-inner-column elementor-element elementor-element-92bd389\" data-id=\"92bd389\" data-element_type=\"column\">\n\t\t\t<div class=\"elementor-widget-wrap elementor-element-populated\">\n\t\t\t\t\t\t<div class=\"elementor-element elementor-element-e3a6ee3 elementor-invisible elementor-widget elementor-widget-text-editor\" data-id=\"e3a6ee3\" data-element_type=\"widget\" data-settings=\"{&quot;_animation&quot;:&quot;slideInRight&quot;}\" data-widget_type=\"text-editor.default\">\n\t\t\t\t<div class=\"elementor-widget-container\">\n\t\t\t\t\t\t\t\t\t<div class=\"page\" title=\"Page 1\"><div class=\"section\"><div class=\"layoutArea\"><div class=\"column\"><div class=\"page\" title=\"Page 1\"><div class=\"section\"><div class=\"layoutArea\"><div class=\"column\"><div class=\"page\" title=\"Page 1\"><div class=\"section\"><div class=\"layoutArea\"><div class=\"column\"><h3>Raum mieten fu\u0308r Weih- nachtsfeiern in Bremen \u2013 im Radieschen Cafe\u0301<\/h3><p class=\"p1\">Festlich dekorierte Tafel, ein geschm\u00fcckter Baum, gutes Essen und das Radieschen ganz f\u00fcr euch. Auch in diesem Jahr k\u00f6nnt ihr eure Firmen-, Vereins- oder Familien-Weihnachtsfeier im Radieschen veranstalten. Ab zehn Personen \u00f6ffnet das Radieschen nur f\u00fcr euch seine T\u00fcren und beschert euch einen festlichen Abend.<\/p><p class=\"p1\">Serviert wird ein hausgemachtes 2- oder 3-G\u00e4nge-Men\u00fc \u2013 vegetarisch oder vegan. Ihr entscheidet vorab, was auf die Teller kommt. Begleitet wird das Essen mit\u00a0 <img decoding=\"async\" class=\"alignnone wp-image-465 \" src=\"https:\/\/radieschen-bremen.de\/wp-content\/uploads\/2021\/06\/radieschen_logo_klein-142x300.png\" alt=\"\" width=\"11\" height=\"23\" \/>-Weinen aus der Weinhandlung unseres Vertrauens. Nat\u00fcrlich stehen euch auch alle anderen alkoholfreien Getr\u00e4nke aus unserer Karte zur Auswahl. Zum Abschluss gibt es einen schmackhaften Digestif und eine Liste mit ausgew\u00e4hlten Kneipen und Bars f\u00fcrs Hinterher-um-die-H\u00e4user-ziehen, falls gew\u00fcnscht.<\/p><\/div><\/div><\/div><\/div><\/div><\/div><\/div><\/div><\/div><\/div><\/div><\/div>\t\t\t\t\t\t\t\t<\/div>\n\t\t\t\t<\/div>\n\t\t\t\t<div class=\"elementor-element elementor-element-d31aa74 elementor-invisible elementor-widget elementor-widget-toggle\" data-id=\"d31aa74\" data-element_type=\"widget\" data-settings=\"{&quot;_animation&quot;:&quot;fadeIn&quot;}\" data-widget_type=\"toggle.default\">\n\t\t\t\t<div class=\"elementor-widget-container\">\n\t\t\t\t\t\t\t<div class=\"elementor-toggle\">\n\t\t\t\t\t\t\t<div class=\"elementor-toggle-item\">\n\t\t\t\t\t<div id=\"elementor-tab-title-2211\" class=\"elementor-tab-title\" data-tab=\"1\" role=\"button\" aria-controls=\"elementor-tab-content-2211\" aria-expanded=\"false\">\n\t\t\t\t\t\t\t\t\t\t\t\t<span class=\"elementor-toggle-icon elementor-toggle-icon-left\" aria-hidden=\"true\">\n\t\t\t\t\t\t\t\t\t\t\t\t\t\t\t<span class=\"elementor-toggle-icon-closed\"><i class=\"fas fa-angle-double-down\"><\/i><\/span>\n\t\t\t\t\t\t\t\t<span class=\"elementor-toggle-icon-opened\"><i class=\"elementor-toggle-icon-opened fas fa-angle-double-up\"><\/i><\/span>\n\t\t\t\t\t\t\t\t\t\t\t\t\t<\/span>\n\t\t\t\t\t\t\t\t\t\t\t\t<a class=\"elementor-toggle-title\" tabindex=\"0\">Weiter lesen ...<\/a>\n\t\t\t\t\t<\/div>\n\n\t\t\t\t\t<div id=\"elementor-tab-content-2211\" class=\"elementor-tab-content elementor-clearfix\" data-tab=\"1\" role=\"region\" aria-labelledby=\"elementor-tab-title-2211\"><p class=\"p1\">So k\u00f6nnte ein Men\u00fc aussehen:<\/p><p class=\"p1\">1. Gang:\u00a0<\/p><p class=\"p1\">Winterliche Maronencreme-Suppe mit Stern-Croutons und Rosmarin\u00a0oder\u00a0<\/p><p class=\"p1\">Rotkohl-Kokos-Suppe mit Limettensaft und Cashews\u00a0oder\u00a0<\/p><p class=\"p1\">K\u00fcrbis-Ingwer-Suppe mit Walnuss<\/p><p class=\"p1\">Zu allen Suppen reichen wir ein hausgemachtes Rote-Bete-Baguette.<\/p><p class=\"p1\">2. Gang:\u00a0<\/p><p class=\"p1\">Hausgemachte Servietten-Kn\u00f6del mit Pilz-Rahm und winterlichem Salat\u00a0oder\u00a0<\/p><p class=\"p1\">Wurzel-Pilz-Risotto mit Kr\u00e4utern\u00a0oder\u00a0<\/p><p class=\"p1\">Hausgemachte Rote-Bete-Sp\u00e4tzle mit Ziegenk\u00e4se und Walnuss mit winterlichem Salat<\/p><p class=\"p1\">3. Gang:\u00a0<\/p><p class=\"p1\">Franz\u00f6sischer Schokoladenkuchen (glutenfrei) mit Lebkuchen-Muffin und Orangen-Dattel-Mus<\/p><p class=\"p1\"><em>Ihr k\u00f6nnt euch vorstellen, das Radieschen zu mieten? Kontaktiert uns gern und wir besprechen die Details pers\u00f6nlich!<\/em><\/p><\/div>\n\t\t\t\t<\/div>\n\t\t\t\t\t\t\t\t<\/div>\n\t\t\t\t\t\t<\/div>\n\t\t\t\t<\/div>\n\t\t\t\t\t<\/div>\n\t\t<\/div>\n\t\t\t\t\t<\/div>\n\t\t<\/section>\n\t\t\t\t<div class=\"elementor-element elementor-element-f59b0f8 elementor-widget-divider--view-line elementor-invisible elementor-widget elementor-widget-divider\" data-id=\"f59b0f8\" data-element_type=\"widget\" data-settings=\"{&quot;_animation&quot;:&quot;fadeIn&quot;}\" data-widget_type=\"divider.default\">\n\t\t\t\t<div class=\"elementor-widget-container\">\n\t\t\t\t\t\t\t<div class=\"elementor-divider\">\n\t\t\t<span class=\"elementor-divider-separator\">\n\t\t\t\t\t\t<\/span>\n\t\t<\/div>\n\t\t\t\t\t\t<\/div>\n\t\t\t\t<\/div>\n\t\t\t\t\t<\/div>\n\t\t<\/div>\n\t\t\t\t\t<\/div>\n\t\t<\/section>\n\t\t\t\t<section class=\"elementor-section elementor-top-section elementor-element elementor-element-b28e8d7 elementor-section-boxed elementor-section-height-default elementor-section-height-default\" data-id=\"b28e8d7\" data-element_type=\"section\" id=\"geschichte\" data-settings=\"{&quot;background_background&quot;:&quot;classic&quot;}\">\n\t\t\t\t\t\t<div class=\"elementor-container elementor-column-gap-default\">\n\t\t\t\t\t<div class=\"elementor-column elementor-col-100 elementor-top-column elementor-element elementor-element-39b26e3\" data-id=\"39b26e3\" data-element_type=\"column\">\n\t\t\t<div class=\"elementor-widget-wrap elementor-element-populated\">\n\t\t\t\t\t\t<div class=\"elementor-element elementor-element-b9fd415 elementor-widget elementor-widget-spacer\" data-id=\"b9fd415\" data-element_type=\"widget\" data-widget_type=\"spacer.default\">\n\t\t\t\t<div class=\"elementor-widget-container\">\n\t\t\t\t\t\t\t<div class=\"elementor-spacer\">\n\t\t\t<div class=\"elementor-spacer-inner\"><\/div>\n\t\t<\/div>\n\t\t\t\t\t\t<\/div>\n\t\t\t\t<\/div>\n\t\t\t\t<div class=\"elementor-element elementor-element-ac3d918 elementor-invisible elementor-widget elementor-widget-heading\" data-id=\"ac3d918\" data-element_type=\"widget\" data-settings=\"{&quot;_animation&quot;:&quot;fadeIn&quot;}\" data-widget_type=\"heading.default\">\n\t\t\t\t<div class=\"elementor-widget-container\">\n\t\t\t\t\t<h2 class=\"elementor-heading-title elementor-size-default\">Geschichte &amp; Entstehung<\/h2>\t\t\t\t<\/div>\n\t\t\t\t<\/div>\n\t\t\t\t<section class=\"elementor-section elementor-inner-section elementor-element elementor-element-75f9a73 elementor-section-boxed elementor-section-height-default elementor-section-height-default\" data-id=\"75f9a73\" data-element_type=\"section\">\n\t\t\t\t\t\t<div class=\"elementor-container elementor-column-gap-default\">\n\t\t\t\t\t<div class=\"elementor-column elementor-col-50 elementor-inner-column elementor-element elementor-element-9f1aa86\" data-id=\"9f1aa86\" data-element_type=\"column\">\n\t\t\t<div class=\"elementor-widget-wrap elementor-element-populated\">\n\t\t\t\t\t\t<div class=\"elementor-element elementor-element-e24b89b elementor-widget elementor-widget-spacer\" data-id=\"e24b89b\" data-element_type=\"widget\" data-widget_type=\"spacer.default\">\n\t\t\t\t<div class=\"elementor-widget-container\">\n\t\t\t\t\t\t\t<div class=\"elementor-spacer\">\n\t\t\t<div class=\"elementor-spacer-inner\"><\/div>\n\t\t<\/div>\n\t\t\t\t\t\t<\/div>\n\t\t\t\t<\/div>\n\t\t\t\t<div class=\"elementor-element elementor-element-00adb8d elementor-invisible elementor-widget elementor-widget-image\" data-id=\"00adb8d\" data-element_type=\"widget\" data-settings=\"{&quot;_animation&quot;:&quot;slideInLeft&quot;}\" data-widget_type=\"image.default\">\n\t\t\t\t<div class=\"elementor-widget-container\">\n\t\t\t\t\t\t\t\t\t\t\t\t\t\t\t<img fetchpriority=\"high\" decoding=\"async\" width=\"750\" height=\"934\" src=\"https:\/\/radieschen-bremen.de\/wp-content\/uploads\/2020\/09\/Foto-09.03.20-14-01-37.jpg\" class=\"attachment-large size-large wp-image-354\" alt=\"\" srcset=\"https:\/\/radieschen-bremen.de\/wp-content\/uploads\/2020\/09\/Foto-09.03.20-14-01-37.jpg 750w, https:\/\/radieschen-bremen.de\/wp-content\/uploads\/2020\/09\/Foto-09.03.20-14-01-37-241x300.jpg 241w\" sizes=\"(max-width: 750px) 100vw, 750px\" \/>\t\t\t\t\t\t\t\t\t\t\t\t\t\t\t<\/div>\n\t\t\t\t<\/div>\n\t\t\t\t\t<\/div>\n\t\t<\/div>\n\t\t\t\t<div class=\"elementor-column elementor-col-50 elementor-inner-column elementor-element elementor-element-f12aae3\" data-id=\"f12aae3\" data-element_type=\"column\">\n\t\t\t<div class=\"elementor-widget-wrap elementor-element-populated\">\n\t\t\t\t\t\t<div class=\"elementor-element elementor-element-fbd1480 elementor-widget elementor-widget-spacer\" data-id=\"fbd1480\" data-element_type=\"widget\" data-widget_type=\"spacer.default\">\n\t\t\t\t<div class=\"elementor-widget-container\">\n\t\t\t\t\t\t\t<div class=\"elementor-spacer\">\n\t\t\t<div class=\"elementor-spacer-inner\"><\/div>\n\t\t<\/div>\n\t\t\t\t\t\t<\/div>\n\t\t\t\t<\/div>\n\t\t\t\t<div class=\"elementor-element elementor-element-b6afd1a elementor-invisible elementor-widget elementor-widget-text-editor\" data-id=\"b6afd1a\" data-element_type=\"widget\" data-settings=\"{&quot;_animation&quot;:&quot;slideInRight&quot;}\" data-widget_type=\"text-editor.default\">\n\t\t\t\t<div class=\"elementor-widget-container\">\n\t\t\t\t\t\t\t\t\t<div class=\"page\" title=\"Page 1\"><div class=\"section\"><div class=\"layoutArea\"><div class=\"column\"><p>Am 28. August 2011 er\u00f6ffnete ich gemeinsam mit dem Kunst- und K\u00fcnstler*inen-Haus Schwankhalle Bremen das Radieschen. Die ehemalige Friedhofsg\u00e4rtnerei stand lange leer und geh\u00f6rt architektonisch zur Friedhofskapelle und soll auch weiterhin zum Friedhof geh\u00f6ren.<\/p><p>Als ehemalige Kulturmanagerin fragte ich mich, was eigentlich am Friedhof passiert. Was gibt es vom Friedhof aus, ins Leben zu tragen? Meine Idee war: Erinnerungen.<\/p><p>Schon in den vergangenen 10 Jahren in der Schwankhalle besch\u00e4ftigte ich mich immer wieder mit der \u201eBespielung von nichttheatralen Orten\u201c. Als ich den leeren Raum am Buntentorsteinweg zum ersten Mal sah, verliebte ich mich sofort.<\/p><p>Weil das Geld in der Kultur auch damals schon schwer zu verdienen war, jobbte ich seit vielen Jahren in allerlei Bremer Gastronomien und wollte mit diesem Ort direkt am Friedhof meine beiden Lieben verbinden.<\/p><p>Schnell war klar, wie alles zusammen passen konnte und nun musste nur noch ein Name her.<\/p><\/div><div class=\"column\">Radieschen paat farblich und stellt ebenfalls eine Verbindung zum Friedhof her, wo man die Radieschen ja bekanntlich von unten sehen kann.<\/div><div>\u00a0<\/div><div class=\"column\">Wie regt man denn nun kulinarisch und gastronomisch zum Erinnern an?<\/div><div class=\"column\"><p>Mit H\u00e4keldeckchen, Sammeltassen, K\u00e4sekuchen und Senfeiern, alten Familienfotos und Geschirr von fr\u00fcher.<\/p><p>Nun war das Radieschen aber zun\u00e4chst nur eine Zwischennutzung und auf ein Jahr beschr\u00e4nkt. Eine K\u00fcche war nicht vorhanden und somit musste ich vor und nach den \u00d6ffnungszeiten Kuchen backen. Das Mittagstisch gab es damals noch nicht.<\/p><p>Die Zwischennutzung wurde dann immer wieder verl\u00e4ngert mit dem deutlichen Hinweis der Stadt Bremen, welcher das Geb\u00e4ude geh\u00f6rt, dass eine st\u00e4tige Verortung des Radieschen absolut gew\u00fcnscht ist. Ich bin also nicht nur von meinen G\u00e4sten, sondern auch vom Vermieter mit offenen Armen empfangen worden. Nach vier Jahren Zwischennutzung war es dann soweit:<\/p><p>Die Stadt Bremen hat das Geb\u00e4ude saniert und zu einem echten Caf\u00e9 umgebaut. Ich habe einen Pachtvertrag unterschrieben und konnte bleiben. Es war Bremens erste Verst\u00e4tigung einer Zwischennutzung. Darauf sind die Stadt, die Zwischen-Zeit-Zentrale (ZZZ) und auch ich sehr stolz. Ich konnte mir eine K\u00fcche einrichten und endlich auch Mittagstisch anbieten. Unsere Karte wurde immer gr\u00f6\u00dfer und damit ist auch unser Team gewachsen. Mittlerweile besch\u00e4ftige ich einen Festangestellten und 4-6 Aushilfen.<\/p><p>Ich m\u00f6chte mit dem Radieschen aber nicht nur zum Erinnern anregen, sondern auch ganz bewu\u00dft meine Verantwortung als Gastronomin wahrnehmen und nach Vorne blicken. Nachhaltigkeit ist zwar ein abgelutschtes Wort aber das Thema ist seit der Er\u00f6ffnung 2011 eins der wichtigsten f\u00fcr mich. Fairgehandelter\u00a0 <br \/><img decoding=\"async\" class=\"alignnone wp-image-465 \" src=\"https:\/\/radieschen-bremen.de\/wp-content\/uploads\/2021\/06\/radieschen_logo_klein-142x300.png\" alt=\"\" width=\"11\" height=\"23\" \/>-Kaffee stand seit Beginn auf meiner Karte. Keine Coca-Cola, sondern Voelkel und Demeter sind meine Firmen! Die Milch aus Bremen und in erster Linie immer saisonale und regionale Zutaten. Keine Papp- oder schlimmer noch Plastik-To-Go-Becher, sondern den Kaffee zum Mitnehmen in Schraubgl\u00e4sern, die ich eh in den Altglas-Container werfen w\u00fcrde. Nudeln- oder Bambus- statt Plastik-Strohhalme.<\/p><p>Es geht weiter: Wir warten darauf, dass man in Bremen wieder Bienen umsetzten darf. (Die haben n\u00e4mlich zur Zeit eine Krankheit, die es nicht erlaubt V\u00f6lker zu versetzen). Dann endlich bekommt das Radieschen Bienen auf das Flachdach des Anbaus.<\/p><p>W-Lan,Magazine wie brandeins oder das Mizzy-Magazine und Koch- und Backb\u00fccher waren mir von Anfang an wichtig und stehen meinen G\u00e4sten hier im Radieschen zur Verf\u00fcgung.<\/p><\/div><\/div><\/div><\/div>\t\t\t\t\t\t\t\t<\/div>\n\t\t\t\t<\/div>\n\t\t\t\t\t<\/div>\n\t\t<\/div>\n\t\t\t\t\t<\/div>\n\t\t<\/section>\n\t\t\t\t<div class=\"elementor-element elementor-element-99c50f3 elementor-widget-divider--view-line elementor-invisible elementor-widget elementor-widget-divider\" data-id=\"99c50f3\" data-element_type=\"widget\" data-settings=\"{&quot;_animation&quot;:&quot;fadeIn&quot;}\" data-widget_type=\"divider.default\">\n\t\t\t\t<div class=\"elementor-widget-container\">\n\t\t\t\t\t\t\t<div class=\"elementor-divider\">\n\t\t\t<span class=\"elementor-divider-separator\">\n\t\t\t\t\t\t<\/span>\n\t\t<\/div>\n\t\t\t\t\t\t<\/div>\n\t\t\t\t<\/div>\n\t\t\t\t\t<\/div>\n\t\t<\/div>\n\t\t\t\t\t<\/div>\n\t\t<\/section>\n\t\t\t\t<section class=\"elementor-section elementor-top-section elementor-element elementor-element-50c4158 elementor-section-boxed elementor-section-height-default elementor-section-height-default\" data-id=\"50c4158\" data-element_type=\"section\" data-settings=\"{&quot;background_background&quot;:&quot;classic&quot;}\">\n\t\t\t\t\t\t<div class=\"elementor-container elementor-column-gap-default\">\n\t\t\t\t\t<div class=\"elementor-column elementor-col-100 elementor-top-column elementor-element elementor-element-2049f2f\" data-id=\"2049f2f\" data-element_type=\"column\">\n\t\t\t<div class=\"elementor-widget-wrap elementor-element-populated\">\n\t\t\t\t\t\t<div class=\"elementor-element elementor-element-9a5a878 elementor-widget elementor-widget-spacer\" data-id=\"9a5a878\" data-element_type=\"widget\" data-widget_type=\"spacer.default\">\n\t\t\t\t<div class=\"elementor-widget-container\">\n\t\t\t\t\t\t\t<div class=\"elementor-spacer\">\n\t\t\t<div class=\"elementor-spacer-inner\"><\/div>\n\t\t<\/div>\n\t\t\t\t\t\t<\/div>\n\t\t\t\t<\/div>\n\t\t\t\t<div class=\"elementor-element elementor-element-8c0a7ff elementor-invisible elementor-widget elementor-widget-heading\" data-id=\"8c0a7ff\" data-element_type=\"widget\" id=\"galerie\" data-settings=\"{&quot;_animation&quot;:&quot;fadeIn&quot;}\" data-widget_type=\"heading.default\">\n\t\t\t\t<div class=\"elementor-widget-container\">\n\t\t\t\t\t<h2 class=\"elementor-heading-title elementor-size-default\">Galerie<\/h2>\t\t\t\t<\/div>\n\t\t\t\t<\/div>\n\t\t\t\t<div class=\"elementor-element elementor-element-3ed968e elementor-widget elementor-widget-spacer\" data-id=\"3ed968e\" data-element_type=\"widget\" data-widget_type=\"spacer.default\">\n\t\t\t\t<div class=\"elementor-widget-container\">\n\t\t\t\t\t\t\t<div class=\"elementor-spacer\">\n\t\t\t<div class=\"elementor-spacer-inner\"><\/div>\n\t\t<\/div>\n\t\t\t\t\t\t<\/div>\n\t\t\t\t<\/div>\n\t\t\t\t<div class=\"elementor-element elementor-element-be7283f elementor-invisible elementor-widget elementor-widget-gallery\" data-id=\"be7283f\" data-element_type=\"widget\" data-settings=\"{&quot;aspect_ratio&quot;:&quot;1:1&quot;,&quot;content_hover_animation&quot;:&quot;enter-from-right&quot;,&quot;_animation&quot;:&quot;bounceInUp&quot;,&quot;lazyload&quot;:&quot;yes&quot;,&quot;gallery_layout&quot;:&quot;grid&quot;,&quot;columns&quot;:4,&quot;columns_tablet&quot;:2,&quot;columns_mobile&quot;:1,&quot;gap&quot;:{&quot;unit&quot;:&quot;px&quot;,&quot;size&quot;:10,&quot;sizes&quot;:[]},&quot;gap_tablet&quot;:{&quot;unit&quot;:&quot;px&quot;,&quot;size&quot;:10,&quot;sizes&quot;:[]},&quot;gap_mobile&quot;:{&quot;unit&quot;:&quot;px&quot;,&quot;size&quot;:10,&quot;sizes&quot;:[]},&quot;link_to&quot;:&quot;file&quot;,&quot;overlay_background&quot;:&quot;yes&quot;}\" data-widget_type=\"gallery.default\">\n\t\t\t\t<div class=\"elementor-widget-container\">\n\t\t\t\t\t\t\t<div class=\"elementor-gallery__container\">\n\t\t\t\t\t\t\t<a class=\"e-gallery-item elementor-gallery-item elementor-animated-content\" href=\"https:\/\/radieschen-bremen.de\/wp-content\/uploads\/2020\/09\/Foto-10.09.20-21-55-35.jpg\" data-elementor-open-lightbox=\"yes\" data-elementor-lightbox-slideshow=\"be7283f\" data-e-action-hash=\"#elementor-action%3Aaction%3Dlightbox%26settings%3DeyJpZCI6MjU3LCJ1cmwiOiJodHRwczpcL1wvcmFkaWVzY2hlbi1icmVtZW4uZGVcL3dwLWNvbnRlbnRcL3VwbG9hZHNcLzIwMjBcLzA5XC9Gb3RvLTEwLjA5LjIwLTIxLTU1LTM1LmpwZyIsInNsaWRlc2hvdyI6ImJlNzI4M2YifQ%3D%3D\">\n\t\t\t\t\t<div class=\"e-gallery-image elementor-gallery-item__image\" data-thumbnail=\"https:\/\/radieschen-bremen.de\/wp-content\/uploads\/2020\/09\/Foto-10.09.20-21-55-35-1024x1024.jpg\" data-width=\"800\" data-height=\"800\" aria-label=\"\" role=\"img\" ><\/div>\n\t\t\t\t\t\t\t\t\t\t\t<div class=\"elementor-gallery-item__overlay\"><\/div>\n\t\t\t\t\t\t\t\t\t\t\t\t\t\t<\/a>\n\t\t\t\t\t\t\t<a class=\"e-gallery-item elementor-gallery-item elementor-animated-content\" href=\"https:\/\/radieschen-bremen.de\/wp-content\/uploads\/2020\/09\/Foto-10.09.20-21-56-04.jpg\" data-elementor-open-lightbox=\"yes\" data-elementor-lightbox-slideshow=\"be7283f\" data-e-action-hash=\"#elementor-action%3Aaction%3Dlightbox%26settings%3DeyJpZCI6MjU5LCJ1cmwiOiJodHRwczpcL1wvcmFkaWVzY2hlbi1icmVtZW4uZGVcL3dwLWNvbnRlbnRcL3VwbG9hZHNcLzIwMjBcLzA5XC9Gb3RvLTEwLjA5LjIwLTIxLTU2LTA0LmpwZyIsInNsaWRlc2hvdyI6ImJlNzI4M2YifQ%3D%3D\">\n\t\t\t\t\t<div class=\"e-gallery-image elementor-gallery-item__image\" data-thumbnail=\"https:\/\/radieschen-bremen.de\/wp-content\/uploads\/2020\/09\/Foto-10.09.20-21-56-04-1024x1024.jpg\" data-width=\"800\" data-height=\"800\" aria-label=\"\" role=\"img\" ><\/div>\n\t\t\t\t\t\t\t\t\t\t\t<div class=\"elementor-gallery-item__overlay\"><\/div>\n\t\t\t\t\t\t\t\t\t\t\t\t\t\t<\/a>\n\t\t\t\t\t\t\t<a class=\"e-gallery-item elementor-gallery-item elementor-animated-content\" href=\"https:\/\/radieschen-bremen.de\/wp-content\/uploads\/2020\/09\/Foto-10.09.20-21-55-11.jpg\" data-elementor-open-lightbox=\"yes\" data-elementor-lightbox-slideshow=\"be7283f\" data-e-action-hash=\"#elementor-action%3Aaction%3Dlightbox%26settings%3DeyJpZCI6MjU2LCJ1cmwiOiJodHRwczpcL1wvcmFkaWVzY2hlbi1icmVtZW4uZGVcL3dwLWNvbnRlbnRcL3VwbG9hZHNcLzIwMjBcLzA5XC9Gb3RvLTEwLjA5LjIwLTIxLTU1LTExLmpwZyIsInNsaWRlc2hvdyI6ImJlNzI4M2YifQ%3D%3D\">\n\t\t\t\t\t<div class=\"e-gallery-image elementor-gallery-item__image\" data-thumbnail=\"https:\/\/radieschen-bremen.de\/wp-content\/uploads\/2020\/09\/Foto-10.09.20-21-55-11-1024x1024.jpg\" data-width=\"800\" data-height=\"800\" aria-label=\"\" role=\"img\" ><\/div>\n\t\t\t\t\t\t\t\t\t\t\t<div class=\"elementor-gallery-item__overlay\"><\/div>\n\t\t\t\t\t\t\t\t\t\t\t\t\t\t<\/a>\n\t\t\t\t\t\t\t<a class=\"e-gallery-item elementor-gallery-item elementor-animated-content\" href=\"https:\/\/radieschen-bremen.de\/wp-content\/uploads\/2020\/09\/IMG_1712.jpeg\" data-elementor-open-lightbox=\"yes\" data-elementor-lightbox-slideshow=\"be7283f\" data-e-action-hash=\"#elementor-action%3Aaction%3Dlightbox%26settings%3DeyJpZCI6MTY0LCJ1cmwiOiJodHRwczpcL1wvcmFkaWVzY2hlbi1icmVtZW4uZGVcL3dwLWNvbnRlbnRcL3VwbG9hZHNcLzIwMjBcLzA5XC9JTUdfMTcxMi5qcGVnIiwic2xpZGVzaG93IjoiYmU3MjgzZiJ9\">\n\t\t\t\t\t<div class=\"e-gallery-image elementor-gallery-item__image\" data-thumbnail=\"https:\/\/radieschen-bremen.de\/wp-content\/uploads\/2020\/09\/IMG_1712.jpeg\" data-width=\"750\" data-height=\"929\" aria-label=\"\" role=\"img\" ><\/div>\n\t\t\t\t\t\t\t\t\t\t\t<div class=\"elementor-gallery-item__overlay\"><\/div>\n\t\t\t\t\t\t\t\t\t\t\t\t\t\t<\/a>\n\t\t\t\t\t\t\t<a class=\"e-gallery-item elementor-gallery-item elementor-animated-content\" href=\"https:\/\/radieschen-bremen.de\/wp-content\/uploads\/2020\/09\/IMG_1709.jpeg\" data-elementor-open-lightbox=\"yes\" data-elementor-lightbox-slideshow=\"be7283f\" data-e-action-hash=\"#elementor-action%3Aaction%3Dlightbox%26settings%3DeyJpZCI6MjUwLCJ1cmwiOiJodHRwczpcL1wvcmFkaWVzY2hlbi1icmVtZW4uZGVcL3dwLWNvbnRlbnRcL3VwbG9hZHNcLzIwMjBcLzA5XC9JTUdfMTcwOS5qcGVnIiwic2xpZGVzaG93IjoiYmU3MjgzZiJ9\">\n\t\t\t\t\t<div class=\"e-gallery-image elementor-gallery-item__image\" data-thumbnail=\"https:\/\/radieschen-bremen.de\/wp-content\/uploads\/2020\/09\/IMG_1709.jpeg\" data-width=\"750\" data-height=\"928\" aria-label=\"\" role=\"img\" ><\/div>\n\t\t\t\t\t\t\t\t\t\t\t<div class=\"elementor-gallery-item__overlay\"><\/div>\n\t\t\t\t\t\t\t\t\t\t\t\t\t\t<\/a>\n\t\t\t\t\t\t\t<a class=\"e-gallery-item elementor-gallery-item elementor-animated-content\" href=\"https:\/\/radieschen-bremen.de\/wp-content\/uploads\/2020\/09\/Foto-10.07.20-14-59-16.jpg\" data-elementor-open-lightbox=\"yes\" data-elementor-lightbox-slideshow=\"be7283f\" data-e-action-hash=\"#elementor-action%3Aaction%3Dlightbox%26settings%3DeyJpZCI6ODIsInVybCI6Imh0dHBzOlwvXC9yYWRpZXNjaGVuLWJyZW1lbi5kZVwvd3AtY29udGVudFwvdXBsb2Fkc1wvMjAyMFwvMDlcL0ZvdG8tMTAuMDcuMjAtMTQtNTktMTYuanBnIiwic2xpZGVzaG93IjoiYmU3MjgzZiJ9\">\n\t\t\t\t\t<div class=\"e-gallery-image elementor-gallery-item__image\" data-thumbnail=\"https:\/\/radieschen-bremen.de\/wp-content\/uploads\/2020\/09\/Foto-10.07.20-14-59-16-1024x1024.jpg\" data-width=\"800\" data-height=\"800\" aria-label=\"\" role=\"img\" ><\/div>\n\t\t\t\t\t\t\t\t\t\t\t<div class=\"elementor-gallery-item__overlay\"><\/div>\n\t\t\t\t\t\t\t\t\t\t\t\t\t\t<\/a>\n\t\t\t\t\t\t\t<a class=\"e-gallery-item elementor-gallery-item elementor-animated-content\" href=\"https:\/\/radieschen-bremen.de\/wp-content\/uploads\/2020\/09\/IMG_1706.jpeg\" data-elementor-open-lightbox=\"yes\" data-elementor-lightbox-slideshow=\"be7283f\" data-e-action-hash=\"#elementor-action%3Aaction%3Dlightbox%26settings%3DeyJpZCI6MjUxLCJ1cmwiOiJodHRwczpcL1wvcmFkaWVzY2hlbi1icmVtZW4uZGVcL3dwLWNvbnRlbnRcL3VwbG9hZHNcLzIwMjBcLzA5XC9JTUdfMTcwNi5qcGVnIiwic2xpZGVzaG93IjoiYmU3MjgzZiJ9\">\n\t\t\t\t\t<div class=\"e-gallery-image elementor-gallery-item__image\" data-thumbnail=\"https:\/\/radieschen-bremen.de\/wp-content\/uploads\/2020\/09\/IMG_1706.jpeg\" data-width=\"750\" data-height=\"929\" aria-label=\"\" role=\"img\" ><\/div>\n\t\t\t\t\t\t\t\t\t\t\t<div class=\"elementor-gallery-item__overlay\"><\/div>\n\t\t\t\t\t\t\t\t\t\t\t\t\t\t<\/a>\n\t\t\t\t\t\t\t<a class=\"e-gallery-item elementor-gallery-item elementor-animated-content\" href=\"https:\/\/radieschen-bremen.de\/wp-content\/uploads\/2020\/09\/Foto-10.09.20-21-55-53.jpg\" data-elementor-open-lightbox=\"yes\" data-elementor-lightbox-slideshow=\"be7283f\" data-e-action-hash=\"#elementor-action%3Aaction%3Dlightbox%26settings%3DeyJpZCI6MjU4LCJ1cmwiOiJodHRwczpcL1wvcmFkaWVzY2hlbi1icmVtZW4uZGVcL3dwLWNvbnRlbnRcL3VwbG9hZHNcLzIwMjBcLzA5XC9Gb3RvLTEwLjA5LjIwLTIxLTU1LTUzLmpwZyIsInNsaWRlc2hvdyI6ImJlNzI4M2YifQ%3D%3D\">\n\t\t\t\t\t<div class=\"e-gallery-image elementor-gallery-item__image\" data-thumbnail=\"https:\/\/radieschen-bremen.de\/wp-content\/uploads\/2020\/09\/Foto-10.09.20-21-55-53-1024x1024.jpg\" data-width=\"800\" data-height=\"800\" aria-label=\"\" role=\"img\" ><\/div>\n\t\t\t\t\t\t\t\t\t\t\t<div class=\"elementor-gallery-item__overlay\"><\/div>\n\t\t\t\t\t\t\t\t\t\t\t\t\t\t<\/a>\n\t\t\t\t\t<\/div>\n\t\t\t\t\t<\/div>\n\t\t\t\t<\/div>\n\t\t\t\t<div class=\"elementor-element elementor-element-1b11c47 elementor-widget-divider--view-line elementor-invisible elementor-widget elementor-widget-divider\" data-id=\"1b11c47\" data-element_type=\"widget\" data-settings=\"{&quot;_animation&quot;:&quot;fadeIn&quot;}\" data-widget_type=\"divider.default\">\n\t\t\t\t<div class=\"elementor-widget-container\">\n\t\t\t\t\t\t\t<div class=\"elementor-divider\">\n\t\t\t<span class=\"elementor-divider-separator\">\n\t\t\t\t\t\t<\/span>\n\t\t<\/div>\n\t\t\t\t\t\t<\/div>\n\t\t\t\t<\/div>\n\t\t\t\t\t<\/div>\n\t\t<\/div>\n\t\t\t\t\t<\/div>\n\t\t<\/section>\n\t\t\t\t<section class=\"elementor-section elementor-top-section elementor-element elementor-element-5ab1d8d elementor-section-boxed elementor-section-height-default elementor-section-height-default\" data-id=\"5ab1d8d\" data-element_type=\"section\" id=\"anfahrt\" data-settings=\"{&quot;background_background&quot;:&quot;classic&quot;}\">\n\t\t\t\t\t\t<div class=\"elementor-container elementor-column-gap-default\">\n\t\t\t\t\t<div class=\"elementor-column elementor-col-100 elementor-top-column elementor-element elementor-element-fe1b285\" data-id=\"fe1b285\" data-element_type=\"column\" data-settings=\"{&quot;background_background&quot;:&quot;classic&quot;}\">\n\t\t\t<div class=\"elementor-widget-wrap elementor-element-populated\">\n\t\t\t\t\t<div class=\"elementor-background-overlay\"><\/div>\n\t\t\t\t\t\t<div class=\"elementor-element elementor-element-0ea8821 elementor-widget elementor-widget-spacer\" data-id=\"0ea8821\" data-element_type=\"widget\" data-widget_type=\"spacer.default\">\n\t\t\t\t<div class=\"elementor-widget-container\">\n\t\t\t\t\t\t\t<div class=\"elementor-spacer\">\n\t\t\t<div class=\"elementor-spacer-inner\"><\/div>\n\t\t<\/div>\n\t\t\t\t\t\t<\/div>\n\t\t\t\t<\/div>\n\t\t\t\t<div class=\"elementor-element elementor-element-6260070 elementor-invisible elementor-widget elementor-widget-heading\" data-id=\"6260070\" data-element_type=\"widget\" data-settings=\"{&quot;_animation&quot;:&quot;fadeIn&quot;}\" data-widget_type=\"heading.default\">\n\t\t\t\t<div class=\"elementor-widget-container\">\n\t\t\t\t\t<h2 class=\"elementor-heading-title elementor-size-default\">Reservierung &amp; Anfahrt<\/h2>\t\t\t\t<\/div>\n\t\t\t\t<\/div>\n\t\t\t\t<div class=\"elementor-element elementor-element-208a15b elementor-widget elementor-widget-spacer\" data-id=\"208a15b\" data-element_type=\"widget\" data-widget_type=\"spacer.default\">\n\t\t\t\t<div class=\"elementor-widget-container\">\n\t\t\t\t\t\t\t<div class=\"elementor-spacer\">\n\t\t\t<div class=\"elementor-spacer-inner\"><\/div>\n\t\t<\/div>\n\t\t\t\t\t\t<\/div>\n\t\t\t\t<\/div>\n\t\t\t\t<section class=\"elementor-section elementor-inner-section elementor-element elementor-element-b22ef70 elementor-section-boxed elementor-section-height-default elementor-section-height-default\" data-id=\"b22ef70\" data-element_type=\"section\">\n\t\t\t\t\t\t<div class=\"elementor-container elementor-column-gap-default\">\n\t\t\t\t\t<div class=\"elementor-column elementor-col-50 elementor-inner-column elementor-element elementor-element-faa8df5\" data-id=\"faa8df5\" data-element_type=\"column\">\n\t\t\t<div class=\"elementor-widget-wrap elementor-element-populated\">\n\t\t\t\t\t\t<div class=\"elementor-element elementor-element-3007700 elementor-invisible elementor-widget elementor-widget-heading\" data-id=\"3007700\" data-element_type=\"widget\" data-settings=\"{&quot;_animation&quot;:&quot;fadeInLeft&quot;}\" data-widget_type=\"heading.default\">\n\t\t\t\t<div class=\"elementor-widget-container\">\n\t\t\t\t\t<h3 class=\"elementor-heading-title elementor-size-default\">Reservierungen &amp; Au\u00dfer-Haus-Verkauf<\/h3>\t\t\t\t<\/div>\n\t\t\t\t<\/div>\n\t\t\t\t<div class=\"elementor-element elementor-element-9f87823 animated-slow elementor-invisible elementor-widget elementor-widget-text-editor\" data-id=\"9f87823\" data-element_type=\"widget\" data-settings=\"{&quot;_animation&quot;:&quot;fadeInLeft&quot;}\" data-widget_type=\"text-editor.default\">\n\t\t\t\t<div class=\"elementor-widget-container\">\n\t\t\t\t\t\t\t\t\t<div title=\"Page 1\"><div><div><div><h6><b>Lust auf Kuchen bekommen?<\/b><\/h6><p><i>Reservierungen nehmen wir gerne telefonisch oder per Mail entgegen. Mittwochs bis samstags reservieren wir gerne einen Tisch fu\u0308r 2 Stunden. Sonntags reservieren wir nicht.<\/i><\/p><h6><b>\u00a0<\/b><\/h6><h6><b>Ihr habt keinen Platz bei uns gefunden?<\/b><\/h6><p><i>Gerne ko\u0308nnt ihr unsere Kuchen auch mitnehmen. Ganze Kuchen backen wir auf Bestellung. Unter der Woche ko\u0308nnt ihr auch einzelne Stu\u0308cke vom Kuchentresen kaufen. Bringt gern eure eigenen Beha\u0308lter mit. <\/i><\/p><p><i>Am Wochenende ist Au\u00dfer-Haus-Verkauf in der Regel nicht mo\u0308glich.<\/i><\/p><\/div><\/div><\/div><\/div>\t\t\t\t\t\t\t\t<\/div>\n\t\t\t\t<\/div>\n\t\t\t\t\t<\/div>\n\t\t<\/div>\n\t\t\t\t<div class=\"elementor-column elementor-col-50 elementor-inner-column elementor-element elementor-element-78e2686\" data-id=\"78e2686\" data-element_type=\"column\">\n\t\t\t<div class=\"elementor-widget-wrap elementor-element-populated\">\n\t\t\t\t\t\t<div class=\"elementor-element elementor-element-215a5a4 elementor-invisible elementor-widget elementor-widget-heading\" data-id=\"215a5a4\" data-element_type=\"widget\" data-settings=\"{&quot;_animation&quot;:&quot;fadeInRight&quot;}\" data-widget_type=\"heading.default\">\n\t\t\t\t<div class=\"elementor-widget-container\">\n\t\t\t\t\t<h3 class=\"elementor-heading-title elementor-size-default\">Anfahrt<\/h3>\t\t\t\t<\/div>\n\t\t\t\t<\/div>\n\t\t\t\t<div class=\"elementor-element elementor-element-d567395 animated-slow elementor-invisible elementor-widget elementor-widget-text-editor\" data-id=\"d567395\" data-element_type=\"widget\" data-settings=\"{&quot;_animation&quot;:&quot;fadeInRight&quot;}\" data-widget_type=\"text-editor.default\">\n\t\t\t\t<div class=\"elementor-widget-container\">\n\t\t\t\t\t\t\t\t\t<div class=\"page\" title=\"Page 1\"><div class=\"section\"><div class=\"layoutArea\"><div class=\"column\"><div class=\"page\" title=\"Page 1\"><div class=\"section\"><h4 class=\"layoutArea\"><strong>Mit der Stra\u00dfenbahn:<\/strong><\/h4><h6>Mit der Stra\u00dfenbahnlinie 4 (nach Arsten oder Lilienthal) bis zur Haltestelle \u201eRotes Kreuz Krankenhaus\u201c fahren. Von dort lauft ihr zwei Minuten zum Radieschen.<\/h6><h4><strong>Mit dem Auto:<\/strong><\/h4><h6>Radieschen-Ga\u0308ste du\u0308rfen auf dem Friedhofsparkplatz direkt nebenan parken. Fahrradsta\u0308nder be nden sich vor dem Laden. Bitte stellt eure Fahrra\u0308der nicht auf den Hof.<\/h6><\/div><\/div><\/div><\/div><\/div><\/div>\t\t\t\t\t\t\t\t<\/div>\n\t\t\t\t<\/div>\n\t\t\t\t<div class=\"elementor-element elementor-element-7178431 animated-slow elementor-invisible elementor-widget elementor-widget-google_maps\" data-id=\"7178431\" data-element_type=\"widget\" data-settings=\"{&quot;_animation&quot;:&quot;bounceInUp&quot;}\" data-widget_type=\"google_maps.default\">\n\t\t\t\t<div class=\"elementor-widget-container\">\n\t\t\t\t\t\t\t<div class=\"elementor-custom-embed\">\n\t\t\t<iframe loading=\"lazy\"\n\t\t\t\t\tsrc=\"https:\/\/maps.google.com\/maps?q=Radieschen%20Bremen%2C%20Buntentorsteinweg%2065%2C%2028201%20Bremen&#038;t=m&#038;z=16&#038;output=embed&#038;iwloc=near\"\n\t\t\t\t\ttitle=\"Radieschen Bremen, Buntentorsteinweg 65, 28201 Bremen\"\n\t\t\t\t\taria-label=\"Radieschen Bremen, Buntentorsteinweg 65, 28201 Bremen\"\n\t\t\t><\/iframe>\n\t\t<\/div>\n\t\t\t\t\t\t<\/div>\n\t\t\t\t<\/div>\n\t\t\t\t\t<\/div>\n\t\t<\/div>\n\t\t\t\t\t<\/div>\n\t\t<\/section>\n\t\t\t\t<div class=\"elementor-element elementor-element-532faa7 elementor-widget elementor-widget-spacer\" data-id=\"532faa7\" data-element_type=\"widget\" data-widget_type=\"spacer.default\">\n\t\t\t\t<div class=\"elementor-widget-container\">\n\t\t\t\t\t\t\t<div class=\"elementor-spacer\">\n\t\t\t<div class=\"elementor-spacer-inner\"><\/div>\n\t\t<\/div>\n\t\t\t\t\t\t<\/div>\n\t\t\t\t<\/div>\n\t\t\t\t<div class=\"elementor-element elementor-element-97f5226 elementor-widget__width-initial elementor-widget-mobile__width-inherit animated-slow elementor-invisible elementor-widget elementor-widget-testimonial\" data-id=\"97f5226\" data-element_type=\"widget\" data-settings=\"{&quot;_animation&quot;:&quot;bounceInUp&quot;}\" data-widget_type=\"testimonial.default\">\n\t\t\t\t<div class=\"elementor-widget-container\">\n\t\t\t\t\t\t\t<div class=\"elementor-testimonial-wrapper\">\n\t\t\t\t\t\t\t<div class=\"elementor-testimonial-content\">Sch\u00f6nes Ambiente, sehr guter Kaffee und leckerer Kuchen! Ein kleines Paradies.<\/div>\n\t\t\t\n\t\t\t\t\t\t<div class=\"elementor-testimonial-meta elementor-has-image elementor-testimonial-image-position-aside\">\n\t\t\t\t<div class=\"elementor-testimonial-meta-inner\">\n\t\t\t\t\t\t\t\t\t\t\t<div class=\"elementor-testimonial-image\">\n\t\t\t\t\t\t\t<a href=\"https:\/\/www.facebook.com\/jakob.kroneck\/posts\/1915877981758340:0\"><img decoding=\"async\" width=\"1024\" height=\"1280\" src=\"https:\/\/radieschen-bremen.de\/wp-content\/uploads\/2020\/09\/23845614_1824844207528385_2372325127314320464_o.jpg\" class=\"attachment-full size-full wp-image-134\" alt=\"\" srcset=\"https:\/\/radieschen-bremen.de\/wp-content\/uploads\/2020\/09\/23845614_1824844207528385_2372325127314320464_o.jpg 1024w, https:\/\/radieschen-bremen.de\/wp-content\/uploads\/2020\/09\/23845614_1824844207528385_2372325127314320464_o-240x300.jpg 240w, https:\/\/radieschen-bremen.de\/wp-content\/uploads\/2020\/09\/23845614_1824844207528385_2372325127314320464_o-819x1024.jpg 819w, https:\/\/radieschen-bremen.de\/wp-content\/uploads\/2020\/09\/23845614_1824844207528385_2372325127314320464_o-768x960.jpg 768w\" sizes=\"(max-width: 1024px) 100vw, 1024px\" \/><\/a>\t\t\t\t\t\t<\/div>\n\t\t\t\t\t\n\t\t\t\t\t\t\t\t\t\t<div class=\"elementor-testimonial-details\">\n\t\t\t\t\t\t\t\t\t\t\t\t\t\t<a class=\"elementor-testimonial-name\" href=\"https:\/\/www.facebook.com\/jakob.kroneck\/posts\/1915877981758340:0\">Jakob Ghandela<\/a>\n\t\t\t\t\t\t\t\t\t\t\t\t\t\t\t\t\t\t\t<\/div>\n\t\t\t\t\t\t\t\t\t<\/div>\n\t\t\t<\/div>\n\t\t\t\t\t<\/div>\n\t\t\t\t\t\t<\/div>\n\t\t\t\t<\/div>\n\t\t\t\t\t<\/div>\n\t\t<\/div>\n\t\t\t\t\t<\/div>\n\t\t<\/section>\n\t\t\t\t<section class=\"elementor-section elementor-top-section elementor-element elementor-element-9d98b1b elementor-section-boxed elementor-section-height-default elementor-section-height-default\" data-id=\"9d98b1b\" data-element_type=\"section\" data-settings=\"{&quot;animation&quot;:&quot;none&quot;,&quot;background_background&quot;:&quot;classic&quot;}\">\n\t\t\t\t\t\t<div class=\"elementor-container elementor-column-gap-default\">\n\t\t\t\t\t<div class=\"elementor-column elementor-col-100 elementor-top-column elementor-element elementor-element-60f5e8d\" data-id=\"60f5e8d\" data-element_type=\"column\">\n\t\t\t<div class=\"elementor-widget-wrap elementor-element-populated\">\n\t\t\t\t\t\t<div class=\"elementor-element elementor-element-0436398 elementor-widget-divider--view-line elementor-invisible elementor-widget elementor-widget-divider\" data-id=\"0436398\" data-element_type=\"widget\" data-settings=\"{&quot;_animation&quot;:&quot;fadeIn&quot;}\" data-widget_type=\"divider.default\">\n\t\t\t\t<div class=\"elementor-widget-container\">\n\t\t\t\t\t\t\t<div class=\"elementor-divider\">\n\t\t\t<span class=\"elementor-divider-separator\">\n\t\t\t\t\t\t<\/span>\n\t\t<\/div>\n\t\t\t\t\t\t<\/div>\n\t\t\t\t<\/div>\n\t\t\t\t\t<\/div>\n\t\t<\/div>\n\t\t\t\t\t<\/div>\n\t\t<\/section>\n\t\t\t\t<section class=\"elementor-section elementor-top-section elementor-element elementor-element-0fd9be8 elementor-section-boxed elementor-section-height-default elementor-section-height-default\" data-id=\"0fd9be8\" data-element_type=\"section\" id=\"impressum\" data-settings=\"{&quot;background_background&quot;:&quot;classic&quot;}\">\n\t\t\t\t\t\t<div class=\"elementor-container elementor-column-gap-default\">\n\t\t\t\t\t<div class=\"elementor-column elementor-col-100 elementor-top-column elementor-element elementor-element-a07977f\" data-id=\"a07977f\" data-element_type=\"column\">\n\t\t\t<div class=\"elementor-widget-wrap elementor-element-populated\">\n\t\t\t\t\t\t<div class=\"elementor-element elementor-element-d709581 elementor-widget elementor-widget-spacer\" data-id=\"d709581\" data-element_type=\"widget\" data-widget_type=\"spacer.default\">\n\t\t\t\t<div class=\"elementor-widget-container\">\n\t\t\t\t\t\t\t<div class=\"elementor-spacer\">\n\t\t\t<div class=\"elementor-spacer-inner\"><\/div>\n\t\t<\/div>\n\t\t\t\t\t\t<\/div>\n\t\t\t\t<\/div>\n\t\t\t\t<div class=\"elementor-element elementor-element-763b31b elementor-invisible elementor-widget elementor-widget-heading\" data-id=\"763b31b\" data-element_type=\"widget\" data-settings=\"{&quot;_animation&quot;:&quot;fadeIn&quot;}\" data-widget_type=\"heading.default\">\n\t\t\t\t<div class=\"elementor-widget-container\">\n\t\t\t\t\t<h2 class=\"elementor-heading-title elementor-size-default\">Impressum<\/h2>\t\t\t\t<\/div>\n\t\t\t\t<\/div>\n\t\t\t\t<section class=\"elementor-section elementor-inner-section elementor-element elementor-element-b5258fc elementor-section-boxed elementor-section-height-default elementor-section-height-default\" data-id=\"b5258fc\" data-element_type=\"section\">\n\t\t\t\t\t\t<div class=\"elementor-container elementor-column-gap-default\">\n\t\t\t\t\t<div class=\"elementor-column elementor-col-50 elementor-inner-column elementor-element elementor-element-9f74b50\" data-id=\"9f74b50\" data-element_type=\"column\">\n\t\t\t<div class=\"elementor-widget-wrap elementor-element-populated\">\n\t\t\t\t\t\t<div class=\"elementor-element elementor-element-06e4f3b elementor-widget elementor-widget-spacer\" data-id=\"06e4f3b\" data-element_type=\"widget\" data-widget_type=\"spacer.default\">\n\t\t\t\t<div class=\"elementor-widget-container\">\n\t\t\t\t\t\t\t<div class=\"elementor-spacer\">\n\t\t\t<div class=\"elementor-spacer-inner\"><\/div>\n\t\t<\/div>\n\t\t\t\t\t\t<\/div>\n\t\t\t\t<\/div>\n\t\t\t\t<div class=\"elementor-element elementor-element-a718af5 elementor-invisible elementor-widget elementor-widget-text-editor\" data-id=\"a718af5\" data-element_type=\"widget\" data-settings=\"{&quot;_animation&quot;:&quot;bounceInLeft&quot;}\" data-widget_type=\"text-editor.default\">\n\t\t\t\t<div class=\"elementor-widget-container\">\n\t\t\t\t\t\t\t\t\t<p><strong>Eva-Maria Oelker<\/strong><br \/>Buntentorsteinweg 65\u00a0<br \/>28201 Bremen<\/p><p>T.\u00a0 0421. 59 76 39 59<\/p><p>Finanzamt Bremen-West<br \/>Steuernummer: 73-344\/00098<\/p>\t\t\t\t\t\t\t\t<\/div>\n\t\t\t\t<\/div>\n\t\t\t\t\t<\/div>\n\t\t<\/div>\n\t\t\t\t<div class=\"elementor-column elementor-col-50 elementor-inner-column elementor-element elementor-element-9480af7\" data-id=\"9480af7\" data-element_type=\"column\">\n\t\t\t<div class=\"elementor-widget-wrap elementor-element-populated\">\n\t\t\t\t\t\t<div class=\"elementor-element elementor-element-9965fa2 elementor-widget elementor-widget-spacer\" data-id=\"9965fa2\" data-element_type=\"widget\" data-widget_type=\"spacer.default\">\n\t\t\t\t<div class=\"elementor-widget-container\">\n\t\t\t\t\t\t\t<div class=\"elementor-spacer\">\n\t\t\t<div class=\"elementor-spacer-inner\"><\/div>\n\t\t<\/div>\n\t\t\t\t\t\t<\/div>\n\t\t\t\t<\/div>\n\t\t\t\t<div class=\"elementor-element elementor-element-fd475fd elementor-invisible elementor-widget elementor-widget-text-editor\" data-id=\"fd475fd\" data-element_type=\"widget\" data-settings=\"{&quot;_animation&quot;:&quot;bounceInRight&quot;}\" data-widget_type=\"text-editor.default\">\n\t\t\t\t<div class=\"elementor-widget-container\">\n\t\t\t\t\t\t\t\t\t<p>Gestaltung:<\/p><p>Webdesign &amp; Programmierung:\u00a0<a href=\"https:\/\/www.instagram.com\/therealralfwaller\/\"><em>Ralf Waller<\/em><\/a><br \/>Logo &amp; Schriftzug:\u00a0<em><a href=\"http:\/\/www.giraffentoast.com\/\" target=\"_blank\" rel=\"noopener\">giraffentoast<\/a>\u00a0design GmbH<\/em><br \/>Fotos &amp; Texte: <em>Pia Winter &amp; Eva-Maria Oelker<\/em><\/p>\t\t\t\t\t\t\t\t<\/div>\n\t\t\t\t<\/div>\n\t\t\t\t\t<\/div>\n\t\t<\/div>\n\t\t\t\t\t<\/div>\n\t\t<\/section>\n\t\t\t\t<div class=\"elementor-element elementor-element-38e6aa2 animated-slow elementor-invisible elementor-widget elementor-widget-text-editor\" data-id=\"38e6aa2\" data-element_type=\"widget\" data-settings=\"{&quot;_animation&quot;:&quot;bounceInUp&quot;}\" data-widget_type=\"text-editor.default\">\n\t\t\t\t<div class=\"elementor-widget-container\">\n\t\t\t\t\t\t\t\t\t<div title=\"Page 1\"><div><div><div><h6><em style=\"font-size: 1rem;\">\u00a0<\/em><\/h6><p><em style=\"font-size: 1rem;\">\u00a0 \u00a0Inhaltlich verantwortlich fu\u0308r diese Seite ist Eva-Maria Oelker.<br \/><\/em><em style=\"font-size: 1rem;\">\u00a0 \u00a0Alle Bilder und Texte du\u0308rfen nur mit ihrer Genehmigung weiterverwendet werden.<br \/><\/em><em style=\"font-size: 1rem;\">\u00a0 \u00a0Fu\u0308r externe Links wird keine Haftung\u00a0<\/em><em style=\"font-size: 1rem;\">u\u0308bernommen.<\/em><\/p><\/div><\/div><\/div><\/div>\t\t\t\t\t\t\t\t<\/div>\n\t\t\t\t<\/div>\n\t\t\t\t<div class=\"elementor-element elementor-element-ae642e0 elementor-widget-divider--view-line elementor-invisible elementor-widget elementor-widget-divider\" data-id=\"ae642e0\" data-element_type=\"widget\" data-settings=\"{&quot;_animation&quot;:&quot;fadeIn&quot;}\" data-widget_type=\"divider.default\">\n\t\t\t\t<div class=\"elementor-widget-container\">\n\t\t\t\t\t\t\t<div class=\"elementor-divider\">\n\t\t\t<span class=\"elementor-divider-separator\">\n\t\t\t\t\t\t<\/span>\n\t\t<\/div>\n\t\t\t\t\t\t<\/div>\n\t\t\t\t<\/div>\n\t\t\t\t\t<\/div>\n\t\t<\/div>\n\t\t\t\t\t<\/div>\n\t\t<\/section>\n\t\t\t\t<\/div>\n\t\t","protected":false},"excerpt":{"rendered":"<p>Herzlich willkommen im Radieschen Cafe\u0301 in Bremen-Neustadt! Bei uns bekommt ihr mittwochs, donnerstags und freitags ab 12 Uhr hausgemachten vegetarischen &amp; veganen Mittagstisch aus hauptsa\u0308chlich saisonalen und regionalen Zutaten. Au\u00dferdem backen wir natu\u0308rlich auch unsere Kuchen alle selbst. Dazu gibt es fair gehandelten\u00a0 -Kaffee (von GEPA) aus unserer Siebtra\u0308ger-Maschine, Schokolade und Tee, sowie Limonaden und [&hellip;]<\/p>\n","protected":false},"author":1,"featured_media":0,"parent":0,"menu_order":0,"comment_status":"closed","ping_status":"closed","template":"elementor_header_footer","meta":{"footnotes":""},"class_list":["post-95","page","type-page","status-publish","hentry"],"_links":{"self":[{"href":"https:\/\/radieschen-bremen.de\/index.php?rest_route=\/wp\/v2\/pages\/95","targetHints":{"allow":["GET"]}}],"collection":[{"href":"https:\/\/radieschen-bremen.de\/index.php?rest_route=\/wp\/v2\/pages"}],"about":[{"href":"https:\/\/radieschen-bremen.de\/index.php?rest_route=\/wp\/v2\/types\/page"}],"author":[{"embeddable":true,"href":"https:\/\/radieschen-bremen.de\/index.php?rest_route=\/wp\/v2\/users\/1"}],"replies":[{"embeddable":true,"href":"https:\/\/radieschen-bremen.de\/index.php?rest_route=%2Fwp%2Fv2%2Fcomments&post=95"}],"version-history":[{"count":194,"href":"https:\/\/radieschen-bremen.de\/index.php?rest_route=\/wp\/v2\/pages\/95\/revisions"}],"predecessor-version":[{"id":606,"href":"https:\/\/radieschen-bremen.de\/index.php?rest_route=\/wp\/v2\/pages\/95\/revisions\/606"}],"wp:attachment":[{"href":"https:\/\/radieschen-bremen.de\/index.php?rest_route=%2Fwp%2Fv2%2Fmedia&parent=95"}],"curies":[{"name":"wp","href":"https:\/\/api.w.org\/{rel}","templated":true}]}}